{"id":1718,"date":"2024-12-03T10:51:29","date_gmt":"2024-12-03T09:51:29","guid":{"rendered":"https:\/\/monrevevalkenburg.com\/weihnachten-2\/"},"modified":"2025-11-10T16:02:25","modified_gmt":"2025-11-10T15:02:25","slug":"weihnachten-2","status":"publish","type":"page","link":"https:\/\/monrevevalkenburg.com\/de\/weihnachten-2\/","title":{"rendered":"Weihnachten"},"content":{"rendered":"\r\n    <section id=\"hero-other\" class=\"eye-block other-hero alignfull\">\r\n        <div class=\"hero-other-main-text\">\r\n            <div class=\"acf-innerblocks-container\">\n\n<h1 class=\"wp-block-heading\" id=\"vier-kerst-bij-mon-reve\">Feiern Sie <em>Weihnachten<\/em> bei Mon R\u00eave<\/h1>\n\n\n\r\n<div class=\"eye-block empty-space empty-space--small pt-md-3 pb-md-3 pt-2 pb-2\" ><\/div>\n\n\n<p>Feiern Sie die Feiertage mit uns im Restaurant Mon R\u00eave im Castle East.<\/p>\n\n<\/div>\r\n        <\/div>\r\n                    <div class=\"overlay\"><\/div>\r\n            <img decoding=\"async\" src=\"https:\/\/monrevevalkenburg.com\/wp-content\/uploads\/2025\/10\/kuppens_fotografie_5810b-scaled-e1761916346514.jpg\">\r\n            <\/section>\r\n\r\n<div class=\"eye-block empty-space empty-space--large pt-md-5 pb-md-5 pt-4 pb-4\" ><\/div>\r\n<div class=\"eye-block empty-space empty-space--large pt-md-5 pb-md-5 pt-4 pb-4\" ><\/div>\n<h2 class=\"wp-block-heading has-text-align-center\">Feiern Sie den Zauber von Weihnachten im Mon R\u00eave<\/h2>\n\n<p class=\"has-text-align-center\">Weihnachten ist eine Zeit der Verbundenheit, der W\u00e4rme und des Genusses. Und wo k\u00f6nnte man dies besser erleben als an einem Ort, an dem Geschichte, Romantik und Gastfreundschaft zusammenkommen? Werden auch Sie kommen und die kulinarischen K\u00f6stlichkeiten im Mon R\u00eave genie\u00dfen?  <\/p>\n\r\n<div class=\"eye-element fullwidth-row alignfull style-both bg--none  alignfull\"\r\n     style=\"\">\r\n    \r\n\r\n        <div class=\"container\">\r\n            <div class=\"row\">\r\n                <div class=\"col-12\">\r\n                    <div class=\"acf-innerblocks-container\">\n\n<div class=\"ghostkit-grid ghostkit-grid-gap-md\"><div class=\"ghostkit-grid-inner\">\n<div class=\"ghostkit-col ghostkit-col-md-12 ghostkit-col-6\"><div class=\"ghostkit-col-content is-layout-flow wp-block-ghostkit-grid-column-is-layout-flow\">\n<figure class=\"wp-block-image size-large\"><img decoding=\"async\" width=\"1024\" height=\"681\" src=\"https:\/\/monrevevalkenburg.com\/wp-content\/uploads\/2025\/10\/DSC_6381-scaled-1-1024x681.jpg\" alt=\"\" class=\"wp-image-2645\" srcset=\"https:\/\/monrevevalkenburg.com\/wp-content\/uploads\/2025\/10\/DSC_6381-scaled-1-1024x681.jpg 1024w, https:\/\/monrevevalkenburg.com\/wp-content\/uploads\/2025\/10\/DSC_6381-scaled-1-300x200.jpg 300w, https:\/\/monrevevalkenburg.com\/wp-content\/uploads\/2025\/10\/DSC_6381-scaled-1-768x511.jpg 768w, https:\/\/monrevevalkenburg.com\/wp-content\/uploads\/2025\/10\/DSC_6381-scaled-1-1536x1022.jpg 1536w, https:\/\/monrevevalkenburg.com\/wp-content\/uploads\/2025\/10\/DSC_6381-scaled-1-2048x1362.jpg 2048w\" sizes=\"(max-width: 1024px) 100vw, 1024px\" \/><\/figure>\n<\/div><\/div>\n\n\n\n<div class=\"ghostkit-col ghostkit-col-md-12 ghostkit-col-6\"><div class=\"ghostkit-col-content is-layout-flow wp-block-ghostkit-grid-column-is-layout-flow\">\r\n<div class=\"eye-block empty-space empty-space--large pt-md-5 pb-md-5 pt-4 pb-4\" ><\/div>\n\n\n<h2 class=\"wp-block-heading\" id=\"kerst-bij-mon-reve\">Gemeinsames Brunch oder Abendessen<\/h2>\n\n\n\n<p>In der Weihnachtszeit haben unsere K\u00fcchenchefs ein komplettes Weihnachtsmen\u00fc f\u00fcr Sie kreiert, das lokale Zutaten, klassische Aromen und kulinarische Kreativit\u00e4t miteinander verbindet. Jeder Gang ist eine Ode an Geschmack, Atmosph\u00e4re und die Kunst des Genie\u00dfens. Kommen Sie zum Brunch oder zu einem \u00fcppigen Abendessen? Sehen Sie hier, wie Ihr Weihnachten im Mon R\u00eave aussehen k\u00f6nnte.   <\/p>\n\n\n    <div class=\"bsbutton text-center  aligncenter\" >\r\n                    <a class=\"btn btn-gold\" href=\"https:\/\/monrevevalkenburg.com\/menu\/#kerstmenu\" target=\"\">Das Weihnachtsmen\u00fc ansehen<\/a>\r\n            <\/div>\r\n<\/div><\/div>\n<\/div><\/div>\n\n\n\r\n<div class=\"eye-block empty-space empty-space--small pt-md-3 pb-md-3 pt-2 pb-2\" ><\/div>\n<\/div>\r\n                <\/div>\r\n            <\/div>\r\n        <\/div>\r\n\r\n    <\/div>\r\n\r\n<div class=\"eye-element fullwidth-row alignfull style-both bg--none  alignfull\"\r\n     style=\"\">\r\n    \r\n\r\n        <div class=\"container\">\r\n            <div class=\"row\">\r\n                <div class=\"col-12\">\r\n                    <div class=\"acf-innerblocks-container\">\n\n<div class=\"ghostkit-grid ghostkit-grid-gap-md\"><div class=\"ghostkit-grid-inner\">\n<div class=\"ghostkit-col ghostkit-col-md-12 ghostkit-col-6\"><div class=\"ghostkit-col-content is-layout-flow wp-block-ghostkit-grid-column-is-layout-flow\">\r\n<div class=\"eye-block empty-space empty-space--medium pt-md-4 pb-md-4 pt-3 pb-3\" ><\/div>\n\n\n<h2 class=\"wp-block-heading\" id=\"kerstdiner-in-de-trouwzaal\">Mit der <em>Aktion Token<\/em> speichern<\/h2>\n\n\n\n<p>Speziell f\u00fcr die festlichen Monate f\u00fchren wir die <strong>Weihnachtsmarken-Aktion<\/strong> ein:<\/p>\n\n\n\n<p><strong>Und so funktioniert es:<\/strong><\/p>\n\n\n\n<ul class=\"wp-block-list\">\n<li>F\u00fcr jede 10 \u20ac, die Sie im Restaurant Mon R\u00eave im November und Dezember 2025 ausgeben, erhalten Sie <strong>1 Weihnachtsgutschein<\/strong><\/li>\n\n\n\n<li>Sie k\u00f6nnen bis zu <strong>10 Jetons pro Besuch<\/strong> sparen<\/li>\n\n\n\n<li>Jede M\u00fcnze ist <strong>1 \u20ac<\/strong> wert und kann vom <strong>1. Januar bis 28. Februar 2026<\/strong> im Restaurant Mon R\u00eave abgegeben werden.<\/li>\n<\/ul>\n\n\n\n<p>Ob Sie zum Mittagessen, Abendessen oder nur auf eine Tasse Kaffee kommen &#8211; sparen Sie sich das Geld.<\/p>\n\n\n        <button class=\"btn btn-light\" type=\"button\" onclick=\"_gstpln.openWidget();\">\r\n            <i class=\"fa-sharp fa-regular fa-calendar me-1\"><\/i> Tisch reservieren        <\/button>\r\n\r\n<!--    <button class=\"btn btn-light\" type=\"button\" onclick=\"openPopup();\">-->\r\n<!--        <i class=\"fa-sharp fa-regular fa-calendar me-1\"><\/i> --><!--    <\/button>-->\r\n<\/div><\/div>\n\n\n\n<div class=\"ghostkit-col ghostkit-col-md-12 ghostkit-col-6\"><div class=\"ghostkit-col-content is-layout-flow wp-block-ghostkit-grid-column-is-layout-flow\">\n<figure class=\"wp-block-image size-large\"><img decoding=\"async\" width=\"1024\" height=\"683\" src=\"https:\/\/monrevevalkenburg.com\/wp-content\/uploads\/2025\/11\/3X7A9670-1-1024x683.jpg\" alt=\"\" class=\"wp-image-2767\" srcset=\"https:\/\/monrevevalkenburg.com\/wp-content\/uploads\/2025\/11\/3X7A9670-1-1024x683.jpg 1024w, https:\/\/monrevevalkenburg.com\/wp-content\/uploads\/2025\/11\/3X7A9670-1-300x200.jpg 300w, https:\/\/monrevevalkenburg.com\/wp-content\/uploads\/2025\/11\/3X7A9670-1-768x512.jpg 768w, https:\/\/monrevevalkenburg.com\/wp-content\/uploads\/2025\/11\/3X7A9670-1-1536x1024.jpg 1536w, https:\/\/monrevevalkenburg.com\/wp-content\/uploads\/2025\/11\/3X7A9670-1.jpg 2048w\" sizes=\"(max-width: 1024px) 100vw, 1024px\" \/><\/figure>\n<\/div><\/div>\n<\/div><\/div>\n\n<\/div>\r\n                <\/div>\r\n            <\/div>\r\n        <\/div>\r\n\r\n    <\/div>\r\n","protected":false},"excerpt":{"rendered":"<p>Feiern Sie den Zauber von Weihnachten im Mon R\u00eave Weihnachten ist eine Zeit der Verbundenheit, der W\u00e4rme und des Genusses. Und wo k\u00f6nnte man dies besser erleben als an einem Ort, an dem Geschichte, Romantik und Gastfreundschaft zusammenkommen? Werden auch Sie kommen und die kulinarischen K\u00f6stlichkeiten im Mon R\u00eave genie\u00dfen?<\/p>\n","protected":false},"author":2,"featured_media":0,"parent":0,"menu_order":0,"comment_status":"closed","ping_status":"closed","template":"","meta":{"_acf_changed":false,"ghostkit_customizer_options":"","ghostkit_custom_css":"","ghostkit_custom_js_head":"","ghostkit_custom_js_foot":"","ghostkit_typography":"","footnotes":""},"class_list":["post-1718","page","type-page","status-publish","hentry"],"acf":[],"yoast_head":"<!-- This site is optimized with the Yoast SEO plugin v27.3 - https:\/\/yoast.com\/product\/yoast-seo-wordpress\/ -->\n<title>Weihnachten - Mon R\u00eave<\/title>\n<meta name=\"robots\" content=\"index, follow, max-snippet:-1, max-image-preview:large, max-video-preview:-1\" \/>\n<link rel=\"canonical\" href=\"https:\/\/monrevevalkenburg.com\/de\/weihnachten-2\/\" \/>\n<meta property=\"og:locale\" content=\"de_DE\" \/>\n<meta property=\"og:type\" content=\"article\" \/>\n<meta property=\"og:title\" content=\"Weihnachten - Mon R\u00eave\" \/>\n<meta property=\"og:description\" content=\"Feiern Sie den Zauber von Weihnachten im Mon R\u00eave Weihnachten ist eine Zeit der Verbundenheit, der W\u00e4rme und des Genusses. Und wo k\u00f6nnte man dies besser erleben als an einem Ort, an dem Geschichte, Romantik und Gastfreundschaft zusammenkommen? Werden auch Sie kommen und die kulinarischen K\u00f6stlichkeiten im Mon R\u00eave genie\u00dfen?\" \/>\n<meta property=\"og:url\" content=\"https:\/\/monrevevalkenburg.com\/de\/weihnachten-2\/\" \/>\n<meta property=\"og:site_name\" content=\"Mon R\u00eave\" \/>\n<meta property=\"article:modified_time\" content=\"2025-11-10T15:02:25+00:00\" \/>\n<meta property=\"og:image\" content=\"https:\/\/monrevevalkenburg.com\/wp-content\/uploads\/2025\/10\/DSC_6381-scaled-1-1024x681.jpg\" \/>\n<meta name=\"twitter:card\" content=\"summary_large_image\" \/>\n<meta name=\"twitter:label1\" content=\"Gesch\u00e4tzte Lesezeit\" \/>\n\t<meta name=\"twitter:data1\" content=\"1\u00a0Minute\" \/>\n<script type=\"application\/ld+json\" class=\"yoast-schema-graph\">{\"@context\":\"https:\\\/\\\/schema.org\",\"@graph\":[{\"@type\":\"WebPage\",\"@id\":\"https:\\\/\\\/monrevevalkenburg.com\\\/de\\\/weihnachten-2\\\/\",\"url\":\"https:\\\/\\\/monrevevalkenburg.com\\\/de\\\/weihnachten-2\\\/\",\"name\":\"Weihnachten - Mon R\u00eave\",\"isPartOf\":{\"@id\":\"https:\\\/\\\/monrevevalkenburg.com\\\/de\\\/#website\"},\"primaryImageOfPage\":{\"@id\":\"https:\\\/\\\/monrevevalkenburg.com\\\/de\\\/weihnachten-2\\\/#primaryimage\"},\"image\":{\"@id\":\"https:\\\/\\\/monrevevalkenburg.com\\\/de\\\/weihnachten-2\\\/#primaryimage\"},\"thumbnailUrl\":\"https:\\\/\\\/monrevevalkenburg.com\\\/wp-content\\\/uploads\\\/2025\\\/10\\\/DSC_6381-scaled-1-1024x681.jpg\",\"datePublished\":\"2024-12-03T09:51:29+00:00\",\"dateModified\":\"2025-11-10T15:02:25+00:00\",\"breadcrumb\":{\"@id\":\"https:\\\/\\\/monrevevalkenburg.com\\\/de\\\/weihnachten-2\\\/#breadcrumb\"},\"inLanguage\":\"de\",\"potentialAction\":[{\"@type\":\"ReadAction\",\"target\":[\"https:\\\/\\\/monrevevalkenburg.com\\\/de\\\/weihnachten-2\\\/\"]}]},{\"@type\":\"ImageObject\",\"inLanguage\":\"de\",\"@id\":\"https:\\\/\\\/monrevevalkenburg.com\\\/de\\\/weihnachten-2\\\/#primaryimage\",\"url\":\"https:\\\/\\\/monrevevalkenburg.com\\\/wp-content\\\/uploads\\\/2025\\\/10\\\/DSC_6381-scaled-1-1024x681.jpg\",\"contentUrl\":\"https:\\\/\\\/monrevevalkenburg.com\\\/wp-content\\\/uploads\\\/2025\\\/10\\\/DSC_6381-scaled-1-1024x681.jpg\"},{\"@type\":\"BreadcrumbList\",\"@id\":\"https:\\\/\\\/monrevevalkenburg.com\\\/de\\\/weihnachten-2\\\/#breadcrumb\",\"itemListElement\":[{\"@type\":\"ListItem\",\"position\":1,\"name\":\"Home\",\"item\":\"https:\\\/\\\/monrevevalkenburg.com\\\/de\\\/\"},{\"@type\":\"ListItem\",\"position\":2,\"name\":\"Weihnachten\"}]},{\"@type\":\"WebSite\",\"@id\":\"https:\\\/\\\/monrevevalkenburg.com\\\/de\\\/#website\",\"url\":\"https:\\\/\\\/monrevevalkenburg.com\\\/de\\\/\",\"name\":\"Mon R\u00eave Valkenburg\",\"description\":\"\",\"publisher\":{\"@id\":\"https:\\\/\\\/monrevevalkenburg.com\\\/de\\\/#organization\"},\"potentialAction\":[{\"@type\":\"SearchAction\",\"target\":{\"@type\":\"EntryPoint\",\"urlTemplate\":\"https:\\\/\\\/monrevevalkenburg.com\\\/de\\\/?s={search_term_string}\"},\"query-input\":{\"@type\":\"PropertyValueSpecification\",\"valueRequired\":true,\"valueName\":\"search_term_string\"}}],\"inLanguage\":\"de\"},{\"@type\":\"Organization\",\"@id\":\"https:\\\/\\\/monrevevalkenburg.com\\\/de\\\/#organization\",\"name\":\"Mon R\u00eave\",\"url\":\"https:\\\/\\\/monrevevalkenburg.com\\\/de\\\/\",\"logo\":{\"@type\":\"ImageObject\",\"inLanguage\":\"de\",\"@id\":\"https:\\\/\\\/monrevevalkenburg.com\\\/de\\\/#\\\/schema\\\/logo\\\/image\\\/\",\"url\":\"https:\\\/\\\/monrevevalkenburg.com\\\/wp-content\\\/uploads\\\/2024\\\/09\\\/placeholder-logo.png\",\"contentUrl\":\"https:\\\/\\\/monrevevalkenburg.com\\\/wp-content\\\/uploads\\\/2024\\\/09\\\/placeholder-logo.png\",\"width\":794,\"height\":794,\"caption\":\"Mon R\u00eave\"},\"image\":{\"@id\":\"https:\\\/\\\/monrevevalkenburg.com\\\/de\\\/#\\\/schema\\\/logo\\\/image\\\/\"}}]}<\/script>\n<!-- \/ Yoast SEO plugin. -->","yoast_head_json":{"title":"Weihnachten - Mon R\u00eave","robots":{"index":"index","follow":"follow","max-snippet":"max-snippet:-1","max-image-preview":"max-image-preview:large","max-video-preview":"max-video-preview:-1"},"canonical":"https:\/\/monrevevalkenburg.com\/de\/weihnachten-2\/","og_locale":"de_DE","og_type":"article","og_title":"Weihnachten - Mon R\u00eave","og_description":"Feiern Sie den Zauber von Weihnachten im Mon R\u00eave Weihnachten ist eine Zeit der Verbundenheit, der W\u00e4rme und des Genusses. Und wo k\u00f6nnte man dies besser erleben als an einem Ort, an dem Geschichte, Romantik und Gastfreundschaft zusammenkommen? Werden auch Sie kommen und die kulinarischen K\u00f6stlichkeiten im Mon R\u00eave genie\u00dfen?","og_url":"https:\/\/monrevevalkenburg.com\/de\/weihnachten-2\/","og_site_name":"Mon R\u00eave","article_modified_time":"2025-11-10T15:02:25+00:00","og_image":[{"url":"https:\/\/monrevevalkenburg.com\/wp-content\/uploads\/2025\/10\/DSC_6381-scaled-1-1024x681.jpg","type":"","width":"","height":""}],"twitter_card":"summary_large_image","twitter_misc":{"Gesch\u00e4tzte Lesezeit":"1\u00a0Minute"},"schema":{"@context":"https:\/\/schema.org","@graph":[{"@type":"WebPage","@id":"https:\/\/monrevevalkenburg.com\/de\/weihnachten-2\/","url":"https:\/\/monrevevalkenburg.com\/de\/weihnachten-2\/","name":"Weihnachten - Mon R\u00eave","isPartOf":{"@id":"https:\/\/monrevevalkenburg.com\/de\/#website"},"primaryImageOfPage":{"@id":"https:\/\/monrevevalkenburg.com\/de\/weihnachten-2\/#primaryimage"},"image":{"@id":"https:\/\/monrevevalkenburg.com\/de\/weihnachten-2\/#primaryimage"},"thumbnailUrl":"https:\/\/monrevevalkenburg.com\/wp-content\/uploads\/2025\/10\/DSC_6381-scaled-1-1024x681.jpg","datePublished":"2024-12-03T09:51:29+00:00","dateModified":"2025-11-10T15:02:25+00:00","breadcrumb":{"@id":"https:\/\/monrevevalkenburg.com\/de\/weihnachten-2\/#breadcrumb"},"inLanguage":"de","potentialAction":[{"@type":"ReadAction","target":["https:\/\/monrevevalkenburg.com\/de\/weihnachten-2\/"]}]},{"@type":"ImageObject","inLanguage":"de","@id":"https:\/\/monrevevalkenburg.com\/de\/weihnachten-2\/#primaryimage","url":"https:\/\/monrevevalkenburg.com\/wp-content\/uploads\/2025\/10\/DSC_6381-scaled-1-1024x681.jpg","contentUrl":"https:\/\/monrevevalkenburg.com\/wp-content\/uploads\/2025\/10\/DSC_6381-scaled-1-1024x681.jpg"},{"@type":"BreadcrumbList","@id":"https:\/\/monrevevalkenburg.com\/de\/weihnachten-2\/#breadcrumb","itemListElement":[{"@type":"ListItem","position":1,"name":"Home","item":"https:\/\/monrevevalkenburg.com\/de\/"},{"@type":"ListItem","position":2,"name":"Weihnachten"}]},{"@type":"WebSite","@id":"https:\/\/monrevevalkenburg.com\/de\/#website","url":"https:\/\/monrevevalkenburg.com\/de\/","name":"Mon R\u00eave Valkenburg","description":"","publisher":{"@id":"https:\/\/monrevevalkenburg.com\/de\/#organization"},"potentialAction":[{"@type":"SearchAction","target":{"@type":"EntryPoint","urlTemplate":"https:\/\/monrevevalkenburg.com\/de\/?s={search_term_string}"},"query-input":{"@type":"PropertyValueSpecification","valueRequired":true,"valueName":"search_term_string"}}],"inLanguage":"de"},{"@type":"Organization","@id":"https:\/\/monrevevalkenburg.com\/de\/#organization","name":"Mon R\u00eave","url":"https:\/\/monrevevalkenburg.com\/de\/","logo":{"@type":"ImageObject","inLanguage":"de","@id":"https:\/\/monrevevalkenburg.com\/de\/#\/schema\/logo\/image\/","url":"https:\/\/monrevevalkenburg.com\/wp-content\/uploads\/2024\/09\/placeholder-logo.png","contentUrl":"https:\/\/monrevevalkenburg.com\/wp-content\/uploads\/2024\/09\/placeholder-logo.png","width":794,"height":794,"caption":"Mon R\u00eave"},"image":{"@id":"https:\/\/monrevevalkenburg.com\/de\/#\/schema\/logo\/image\/"}}]}},"_links":{"self":[{"href":"https:\/\/monrevevalkenburg.com\/de\/wp-json\/wp\/v2\/pages\/1718","targetHints":{"allow":["GET"]}}],"collection":[{"href":"https:\/\/monrevevalkenburg.com\/de\/wp-json\/wp\/v2\/pages"}],"about":[{"href":"https:\/\/monrevevalkenburg.com\/de\/wp-json\/wp\/v2\/types\/page"}],"author":[{"embeddable":true,"href":"https:\/\/monrevevalkenburg.com\/de\/wp-json\/wp\/v2\/users\/2"}],"replies":[{"embeddable":true,"href":"https:\/\/monrevevalkenburg.com\/de\/wp-json\/wp\/v2\/comments?post=1718"}],"version-history":[{"count":16,"href":"https:\/\/monrevevalkenburg.com\/de\/wp-json\/wp\/v2\/pages\/1718\/revisions"}],"predecessor-version":[{"id":2787,"href":"https:\/\/monrevevalkenburg.com\/de\/wp-json\/wp\/v2\/pages\/1718\/revisions\/2787"}],"wp:attachment":[{"href":"https:\/\/monrevevalkenburg.com\/de\/wp-json\/wp\/v2\/media?parent=1718"}],"curies":[{"name":"wp","href":"https:\/\/api.w.org\/{rel}","templated":true}]}}