{"id":917,"date":"2024-09-25T11:37:21","date_gmt":"2024-09-25T09:37:21","guid":{"rendered":"https:\/\/monrevevalkenburg.com\/a-propos-de-nous\/"},"modified":"2026-03-23T09:16:49","modified_gmt":"2026-03-23T08:16:49","slug":"a-propos-de-nous","status":"publish","type":"page","link":"https:\/\/monrevevalkenburg.com\/fr\/a-propos-de-nous\/","title":{"rendered":"A propos de nous"},"content":{"rendered":"\r\n    <section id=\"hero-other\" class=\"eye-block other-hero alignfull\">\r\n        <div class=\"hero-other-main-text\">\r\n            <div class=\"acf-innerblocks-container\">\n\n<h1 class=\"wp-block-heading\" id=\"over-ons-de-passie-en-filosofie-van-mon-reve\">A propos de nous : La <em>passion<\/em> et la <em>philosophie de<\/em> Mon R\u00eave<\/h1>\n\n\n\r\n<div class=\"eye-block empty-space empty-space--small pt-md-3 pb-md-3 pt-2 pb-2\" ><\/div>\n\n\n<p>Chez Mon R\u00eave, nous pensons que chaque plat raconte une histoire et offre un moment de pur plaisir.<\/p>\n\n<\/div>\r\n        <\/div>\r\n                    <div class=\"overlay\"><\/div>\r\n            <img decoding=\"async\" src=\"https:\/\/monrevevalkenburg.com\/wp-content\/uploads\/2024\/10\/rijksmonument_36828_kasteel_oost_valkenburg_0-scaled-e1720178932176.jpeg\">\r\n            <\/section>\r\n\r\n<div class=\"eye-block empty-space empty-space--large pt-md-5 pb-md-5 pt-4 pb-4\" ><\/div>\n<h2 class=\"wp-block-heading\" id=\"het-mon-reve-team\">L&rsquo;\u00e9quipe Mon R\u00eave<\/h2>\n\r\n<div class=\"eye-block empty-space empty-space--small pt-md-3 pb-md-3 pt-2 pb-2\" ><\/div>\n<p>Chez Mon R\u00eave, nous pensons que chaque plat raconte une histoire et peut offrir un moment de pur plaisir. Notre mission est simple : faire en sorte que chaque client se sente le bienvenu et chez lui, en lui offrant une exp\u00e9rience culinaire \u00e0 la fois inspirante et accessible. Nous cr\u00e9ons des plats o\u00f9 l&rsquo;artisanat et la cr\u00e9ativit\u00e9 vont de pair, en mettant l&rsquo;accent sur les ingr\u00e9dients locaux et sur une approche durable de notre cuisine.  <\/p>\n\n<p>L&rsquo;\u00e9quipe de Mon R\u00eave est compos\u00e9e de chefs passionn\u00e9s et d&rsquo;un personnel d\u00e9vou\u00e9 qui d\u00e9montrent chaque jour leur amour du m\u00e9tier. Nos chefs ont tous des parcours et des styles diff\u00e9rents, mais ils ont en commun le souci de la qualit\u00e9 et de l&rsquo;innovation. Ils sont soutenus par une \u00e9quipe de cuisine et un personnel soud\u00e9s qui travaillent dur chaque jour pour s&rsquo;assurer que chaque d\u00e9tail est parfait. Ensemble, ils apportent leur exp\u00e9rience, leur cr\u00e9ativit\u00e9 et leur amour du m\u00e9tier \u00e0 chaque assiette qui sort de notre cuisine.   <\/p>\n\r\n<div class=\"eye-block empty-space empty-space--small pt-md-3 pb-md-3 pt-2 pb-2\" ><\/div>    <div class=\"bsbutton text-start \" >\r\n                    <a class=\"btn btn-gold\" href=\"#onze-chef-koks\" target=\"\">Lisez les histoires de nos chefs ici  &gt;<\/a>\r\n            <\/div>\r\n\r\n<div class=\"eye-block empty-space empty-space--large pt-md-5 pb-md-5 pt-4 pb-4\" ><\/div>\r\n    <div class=\"eye-element fullwidth-row alignfull bg--darkblue style-left  alignfull\"\r\n         style=\"\">\r\n        \r\n\r\n        <div class=\"container\">\r\n            <div class=\"row\">\r\n                <div class=\"col-12\">\r\n                    <div class=\"acf-innerblocks-container\">\n\r\n<div class=\"eye-block empty-space empty-space--small pt-md-3 pb-md-3 pt-2 pb-2\" ><\/div>\n\n\n<div class=\"ghostkit-grid ghostkit-grid-gap-lg ghostkit-grid-align-items-center\"><div class=\"ghostkit-grid-inner\">\n<div class=\"ghostkit-col ghostkit-col-md-12 ghostkit-col-7\"><div class=\"ghostkit-col-content is-layout-flow wp-block-ghostkit-grid-column-is-layout-flow\">\n<h2 class=\"wp-block-heading\" id=\"eigenaresse-ramona-koonings\"><em>Propri\u00e9taire<\/em> Ramona Koonings<\/h2>\n\n\n\r\n<div class=\"eye-block empty-space empty-space--small pt-md-3 pb-md-3 pt-2 pb-2\" ><\/div>\n\n\n<p class=\"me-2\">Ramona Koonings est une cr\u00e9atrice de robes de mari\u00e9e bas\u00e9e dans le Brabant, une entrepreneuse, une personnalit\u00e9 de la t\u00e9l\u00e9vision, un leader du secteur et un v\u00e9ritable p\u00e8re de famille. Lorsque Ramona a commenc\u00e9 \u00e0 travailler \u00e0 l&rsquo;\u00e2ge de 14 ans comme serveuse dans la boutique de mariage de M. et Mme Koonings, il est vite apparu qu&rsquo;elle d\u00e9bordait d&rsquo;ambition. Elle s&rsquo;est naturellement tourn\u00e9e vers l&rsquo;entrepreneuriat et le monde de la mari\u00e9e. Lorsque M. et Mme Koonings ont d\u00e9cid\u00e9 de vendre l&rsquo;entreprise, ils l&rsquo;ont confi\u00e9e \u00e0 une seule personne : Ramona, alors \u00e2g\u00e9e de 17 ans. Avec sa m\u00e8re Ineke, elle a saisi l&rsquo;occasion \u00e0 bras-le-corps.<\/p>\n\n\n\n<p>Ramona a franchi la premi\u00e8re \u00e9tape de son projet d&rsquo;innovation et d&rsquo;inspiration de la mode nuptiale avec l&rsquo;ouverture de <strong><a href=\"https:\/\/www.koonings.com\/\" target=\"_blank\" rel=\"noreferrer noopener\">Koonings The Wedding Palace<\/a><\/strong>. Avec une collection unique de robes et une attention personnelle, elle a cr\u00e9\u00e9 un lieu o\u00f9 chaque mari\u00e9e se sent sp\u00e9ciale. Poussant plus loin son r\u00eave, elle a ensuite cr\u00e9\u00e9 <strong>Koonings The Wedding Castle<\/strong>. C&rsquo;est l\u00e0 que se trouve \u00e9galement son nouveau restaurant Mon R\u00eave.   <\/p>\n<\/div><\/div>\n\n\n\n<div class=\"ghostkit-col ghostkit-col-md-12 ghostkit-col-5\"><div class=\"ghostkit-col-content is-layout-flow wp-block-ghostkit-grid-column-is-layout-flow\">\n<figure data-rotate=\"10\" class=\"wp-block-image size-full\"><img decoding=\"async\" width=\"2560\" height=\"1707\" src=\"https:\/\/monrevevalkenburg.com\/wp-content\/uploads\/2024\/11\/IMG_3069-scaled.jpg\" alt=\"\" class=\"wp-image-1413\" srcset=\"https:\/\/monrevevalkenburg.com\/wp-content\/uploads\/2024\/11\/IMG_3069-scaled.jpg 2560w, https:\/\/monrevevalkenburg.com\/wp-content\/uploads\/2024\/11\/IMG_3069-300x200.jpg 300w, https:\/\/monrevevalkenburg.com\/wp-content\/uploads\/2024\/11\/IMG_3069-1024x683.jpg 1024w, https:\/\/monrevevalkenburg.com\/wp-content\/uploads\/2024\/11\/IMG_3069-768x512.jpg 768w, https:\/\/monrevevalkenburg.com\/wp-content\/uploads\/2024\/11\/IMG_3069-1536x1024.jpg 1536w, https:\/\/monrevevalkenburg.com\/wp-content\/uploads\/2024\/11\/IMG_3069-2048x1365.jpg 2048w\" sizes=\"(max-width: 2560px) 100vw, 2560px\" \/><\/figure>\n<\/div><\/div>\n<\/div><\/div>\n\n\n\r\n<div class=\"eye-block empty-space empty-space--small pt-md-3 pb-md-3 pt-2 pb-2\" ><\/div>\n<\/div>\r\n                <\/div>\r\n            <\/div>\r\n        <\/div>\r\n\r\n    <\/div>\r\n\r\n<div class=\"eye-block empty-space empty-space--large pt-md-5 pb-md-5 pt-4 pb-4\" ><\/div>\r\n<div class=\"eye-element fullwidth-row alignfull style-both bg--none  alignfull\"\r\n     style=\"\">\r\n    \r\n\r\n        <div class=\"container\">\r\n            <div class=\"row\">\r\n                <div class=\"col-12\">\r\n                    <div class=\"acf-innerblocks-container\">\n\n<div class=\"ghostkit-grid ghostkit-grid-gap-lg ghostkit-grid-align-items-center\"><div class=\"ghostkit-grid-inner\">\n<div class=\"ghostkit-col ghostkit-col-md-12 ghostkit-col-5\"><div class=\"ghostkit-col-content is-layout-flow wp-block-ghostkit-grid-column-is-layout-flow\">\n<figure class=\"wp-block-image size-full\"><img decoding=\"async\" width=\"2389\" height=\"1664\" src=\"https:\/\/monrevevalkenburg.com\/wp-content\/uploads\/2024\/10\/rijksmonument_36828_kasteel_oost_valkenburg_0-scaled-e1720178932176.jpeg\" alt=\"\" class=\"wp-image-501\" srcset=\"https:\/\/monrevevalkenburg.com\/wp-content\/uploads\/2024\/10\/rijksmonument_36828_kasteel_oost_valkenburg_0-scaled-e1720178932176.jpeg 2389w, https:\/\/monrevevalkenburg.com\/wp-content\/uploads\/2024\/10\/rijksmonument_36828_kasteel_oost_valkenburg_0-scaled-e1720178932176-300x209.jpeg 300w, https:\/\/monrevevalkenburg.com\/wp-content\/uploads\/2024\/10\/rijksmonument_36828_kasteel_oost_valkenburg_0-scaled-e1720178932176-1024x713.jpeg 1024w, https:\/\/monrevevalkenburg.com\/wp-content\/uploads\/2024\/10\/rijksmonument_36828_kasteel_oost_valkenburg_0-scaled-e1720178932176-768x535.jpeg 768w, https:\/\/monrevevalkenburg.com\/wp-content\/uploads\/2024\/10\/rijksmonument_36828_kasteel_oost_valkenburg_0-scaled-e1720178932176-1536x1070.jpeg 1536w, https:\/\/monrevevalkenburg.com\/wp-content\/uploads\/2024\/10\/rijksmonument_36828_kasteel_oost_valkenburg_0-scaled-e1720178932176-2048x1426.jpeg 2048w\" sizes=\"(max-width: 2389px) 100vw, 2389px\" \/><\/figure>\n<\/div><\/div>\n\n\n\n<div class=\"ghostkit-col ghostkit-col-md-12 ghostkit-col-7\"><div class=\"ghostkit-col-content is-layout-flow wp-block-ghostkit-grid-column-is-layout-flow\">\n<h2 class=\"wp-block-heading\" id=\"kasteel-oost-the-wedding-castle\">Ch\u00e2teau Est<\/h2>\n\n\n\r\n<div class=\"eye-block empty-space empty-space--small pt-md-3 pb-md-3 pt-2 pb-2\" ><\/div>\n\n\n<p>Le restaurant Mon R\u00eave est situ\u00e9 au sous-sol de l&rsquo;historique Kasteel Oost, dans le quartier magique de Valkenburg. Cach\u00e9 parmi les collines et dans un environnement pittoresque, non loin du centre-ville, se trouve ce nouvel emplacement de Koonings. <\/p>\n\n\n\n<p>Avec une superficie totale d&rsquo;environ 36 000 m\u00b2, le ch\u00e2teau, y compris ses jardins qui ressemblent \u00e0 un parc, offre d&rsquo;innombrables possibilit\u00e9s de r\u00e9aliser les r\u00eaves de mariage. Outre une boutique de mariage, un magasin de mode pour hommes et enfants, un salon de beaut\u00e9, Kasteel Oost offre \u00e9galement la possibilit\u00e9 d&rsquo;organiser un mariage. <\/p>\n<\/div><\/div>\n<\/div><\/div>\n\n<\/div>\r\n                <\/div>\r\n            <\/div>\r\n        <\/div>\r\n\r\n    <\/div>\r\n\r\n<div class=\"eye-block empty-space empty-space--large pt-md-5 pb-md-5 pt-4 pb-4\" ><\/div>\n<h2 class=\"wp-block-heading\" id=\"onze-chef-koks\">Nos chefs<\/h2>\n\r\n<div class=\"eye-block empty-space empty-space--medium pt-md-4 pb-md-4 pt-3 pb-3\" ><\/div>\n<p><\/p>\n\n<h3 class=\"wp-block-heading\" id=\"chef-michel\"><strong><em>Chef Mick<\/em><\/strong><\/h3>\n\r\n<div class=\"eye-block empty-space empty-space--small pt-md-3 pb-md-3 pt-2 pb-2\" ><\/div>\n<p><strong><em>Je m&rsquo;appelle Mick Bos.<\/em><\/strong><\/p>\n\n<p><em>D\u00e8s mon plus jeune \u00e2ge, je me tenais \u00e0 c\u00f4t\u00e9 de ma m\u00e8re dans la cuisine et j&rsquo;essayais de l&rsquo;aider \u00e0 pr\u00e9parer des flans limbourgeois \u00e0 l&rsquo;ancienne.<\/em><\/p>\n\n<p><em>Au lyc\u00e9e, je me suis vite rendu compte que j&rsquo;aimais beaucoup cuisiner dans le service des soins et de l&rsquo;aide sociale. Tout de suite, j&rsquo;ai su que j&rsquo;allais suivre une formation de cuisinier ! <\/em><\/p>\n\n<p><em>\u00c0 l&rsquo;\u00e2ge de 14 ans, j&rsquo;ai commenc\u00e9 \u00e0 travailler dans un grand h\u00f4tel comme plongeur et aide-cuisinier. J&rsquo;ai tout de suite voulu apprendre toutes les ficelles du m\u00e9tier et j&rsquo;ai \u00e9t\u00e9 autoris\u00e9 \u00e0 poursuivre mes deux premi\u00e8res ann\u00e9es ici en tant qu&rsquo;apprenti cuisinier. Au fil des ans, gr\u00e2ce \u00e0 ma passion et \u00e0 ma pers\u00e9v\u00e9rance, j&rsquo;ai gravi les \u00e9chelons et suis devenu chef.  <\/em><\/p>\n\n<p><em>Mon style de cuisine est unique. J&rsquo;essaie surtout de me d\u00e9marquer de ce que font les autres restaurants et \u00e9tablissements de restauration. Mes racines sont dans la cuisine fran\u00e7aise classique. Je lui donne un nouveau caract\u00e8re en y ajoutant des techniques de cuisine modernes, des influences asiatiques et des combinaisons de saveurs uniques.   <\/em><\/p>\n\n<p><em>Dans le pass\u00e9, j&rsquo;ai travaill\u00e9 comme chef dans plusieurs ch\u00e2teaux du Limbourg. Je suis tr\u00e8s attir\u00e9 par la beaut\u00e9 des lieux o\u00f9 se trouvent les ch\u00e2teaux. J&rsquo;ai toujours eu un \u0153il sur le ch\u00e2teau d&rsquo;Oost \u00e0 Valkenburg. Il s&rsquo;agit d&rsquo;un b\u00e2timent monumental unique en son genre. La belle fa\u00e7ade, la grande cour, le large escalier d&rsquo;entr\u00e9e, les magnifiques salles et le beau jardin \u00e0 l&rsquo;arri\u00e8re. En un mot, c&rsquo;est tout simplement incroyable ! J&rsquo;ai toujours r\u00eav\u00e9 de travailler ici.      <\/em><\/p>\n\n<p><em>Avec le ch\u00e2teau de mariage Koonings, je suis s\u00fbr que nous allons cr\u00e9er un concept unique qui fera honneur au lieu et permettra de r\u00e9aliser les r\u00eaves.<\/em><\/p>\n\r\n<div class=\"eye-block empty-space empty-space--small pt-md-3 pb-md-3 pt-2 pb-2\" ><\/div>\n<div class=\"ghostkit-grid ghostkit-grid-gap-md\"><div class=\"ghostkit-grid-inner\">\n<div class=\"ghostkit-col ghostkit-col-md-12 ghostkit-col-2\"><div class=\"ghostkit-col-content is-layout-flow wp-block-ghostkit-grid-column-is-layout-flow\"><div class=\"autograph\"><?xml version=\"1.0\" encoding=\"UTF-8\"?><svg id=\"Layer_1\" xmlns=\"http:\/\/www.w3.org\/2000\/svg\" viewBox=\"0 0 712.3 479\"><defs><style>.cls-1{fill:none;stroke:#fff;stroke-linecap:round;stroke-linejoin:round;stroke-width:12px;}<\/style><\/defs><path class=\"cls-1\" d=\"M62.55,142.97s31.04-43.9,41.24-38.13c10.2,5.76-47.44,203.07-47.44,203.07,0,0,120.6-257.61,156.96-245.19,36.36,12.41-74.93,238.1-74.93,238.1,0,0,164.94-309.04,202.63-274.01,37.69,35.03-141.44,272.24-88.23,271.35,37.69-5.76,64.29-78.48,64.29-78.48,0,0-31.04,67.84-10.2,68.28s58.97-53.65,58.97-53.65c0,0,25.27-38.13,35.47-31.92,23.5,9.75,6.65,41.03,6.65,41.03,0,0,15.88-35.96-6.65-41.03-20.98-4.72-76.71,92.67-38.13,96.22,38.57,3.55,172.48-132.63,172.48-132.63,0,0-86.02,76.32-102.87,126.42-16.85,50.1,85.13-210.17,96.22-235,11.08-24.83-69.56,172.98-69.56,172.98,0,0,28.33,28.32,47.83,27.88s79.81-43.45,94-61.63\"\/><path class=\"cls-1\" d=\"M690.83,318.17S33.28,432.56,21.31,437.88c-11.97,5.32,15.52,17.29,15.52,17.29\"\/><path class=\"cls-1\" d=\"M359.96,112.99s-4.54,6.51,0,7.72c4.54,1.21,6.13-4.24,5-5.38-1.14-1.14-1.59-2.95-5-2.35Z\"\/><\/svg><\/div><\/div><\/div>\n\n\n\n<div class=\"ghostkit-col ghostkit-col-md-12 ghostkit-col-10 is-layout-flow wp-block-ghostkit-grid-column-is-layout-flow\"><div class=\"ghostkit-col-content\"><\/div><\/div>\n<\/div><\/div>\n\r\n<div class=\"eye-block empty-space empty-space--large pt-md-5 pb-md-5 pt-4 pb-4\" ><\/div>","protected":false},"excerpt":{"rendered":"<p>L&rsquo;\u00e9quipe Mon R\u00eave Chez Mon R\u00eave, nous pensons que chaque plat raconte une histoire et peut offrir un moment de pur plaisir. Notre mission est simple : faire en sorte que chaque client se sente le bienvenu et chez lui, en lui offrant une exp\u00e9rience culinaire \u00e0 la fois inspirante et accessible. Nous cr\u00e9ons des [&hellip;]<\/p>\n","protected":false},"author":1,"featured_media":0,"parent":0,"menu_order":0,"comment_status":"closed","ping_status":"closed","template":"","meta":{"_acf_changed":false,"ghostkit_customizer_options":"","ghostkit_custom_css":"","ghostkit_custom_js_head":"","ghostkit_custom_js_foot":"","ghostkit_typography":"","footnotes":""},"class_list":["post-917","page","type-page","status-publish","hentry"],"acf":[],"yoast_head":"<!-- This site is optimized with the Yoast SEO plugin v27.3 - https:\/\/yoast.com\/product\/yoast-seo-wordpress\/ -->\n<title>A propos de nous - Mon R\u00eave<\/title>\n<meta name=\"robots\" content=\"index, follow, max-snippet:-1, max-image-preview:large, max-video-preview:-1\" \/>\n<link rel=\"canonical\" href=\"https:\/\/monrevevalkenburg.com\/fr\/a-propos-de-nous\/\" \/>\n<meta property=\"og:locale\" content=\"fr_FR\" \/>\n<meta property=\"og:type\" content=\"article\" \/>\n<meta property=\"og:title\" content=\"A propos de nous - Mon R\u00eave\" \/>\n<meta property=\"og:description\" content=\"L&rsquo;\u00e9quipe Mon R\u00eave Chez Mon R\u00eave, nous pensons que chaque plat raconte une histoire et peut offrir un moment de pur plaisir. Notre mission est simple : faire en sorte que chaque client se sente le bienvenu et chez lui, en lui offrant une exp\u00e9rience culinaire \u00e0 la fois inspirante et accessible. Nous cr\u00e9ons des [&hellip;]\" \/>\n<meta property=\"og:url\" content=\"https:\/\/monrevevalkenburg.com\/fr\/a-propos-de-nous\/\" \/>\n<meta property=\"og:site_name\" content=\"Mon R\u00eave\" \/>\n<meta property=\"article:modified_time\" content=\"2026-03-23T08:16:49+00:00\" \/>\n<meta property=\"og:image\" content=\"https:\/\/monrevevalkenburg.com\/wp-content\/uploads\/2024\/11\/IMG_3069-scaled.jpg\" \/>\n<meta name=\"twitter:card\" content=\"summary_large_image\" \/>\n<meta name=\"twitter:label1\" content=\"Dur\u00e9e de lecture estim\u00e9e\" \/>\n\t<meta name=\"twitter:data1\" content=\"4 minutes\" \/>\n<script type=\"application\/ld+json\" class=\"yoast-schema-graph\">{\"@context\":\"https:\\\/\\\/schema.org\",\"@graph\":[{\"@type\":\"WebPage\",\"@id\":\"https:\\\/\\\/monrevevalkenburg.com\\\/fr\\\/a-propos-de-nous\\\/\",\"url\":\"https:\\\/\\\/monrevevalkenburg.com\\\/fr\\\/a-propos-de-nous\\\/\",\"name\":\"A propos de nous - Mon R\u00eave\",\"isPartOf\":{\"@id\":\"https:\\\/\\\/monrevevalkenburg.com\\\/fr\\\/#website\"},\"primaryImageOfPage\":{\"@id\":\"https:\\\/\\\/monrevevalkenburg.com\\\/fr\\\/a-propos-de-nous\\\/#primaryimage\"},\"image\":{\"@id\":\"https:\\\/\\\/monrevevalkenburg.com\\\/fr\\\/a-propos-de-nous\\\/#primaryimage\"},\"thumbnailUrl\":\"https:\\\/\\\/monrevevalkenburg.com\\\/wp-content\\\/uploads\\\/2024\\\/11\\\/IMG_3069-scaled.jpg\",\"datePublished\":\"2024-09-25T09:37:21+00:00\",\"dateModified\":\"2026-03-23T08:16:49+00:00\",\"breadcrumb\":{\"@id\":\"https:\\\/\\\/monrevevalkenburg.com\\\/fr\\\/a-propos-de-nous\\\/#breadcrumb\"},\"inLanguage\":\"fr-FR\",\"potentialAction\":[{\"@type\":\"ReadAction\",\"target\":[\"https:\\\/\\\/monrevevalkenburg.com\\\/fr\\\/a-propos-de-nous\\\/\"]}]},{\"@type\":\"ImageObject\",\"inLanguage\":\"fr-FR\",\"@id\":\"https:\\\/\\\/monrevevalkenburg.com\\\/fr\\\/a-propos-de-nous\\\/#primaryimage\",\"url\":\"https:\\\/\\\/monrevevalkenburg.com\\\/wp-content\\\/uploads\\\/2024\\\/11\\\/IMG_3069-scaled.jpg\",\"contentUrl\":\"https:\\\/\\\/monrevevalkenburg.com\\\/wp-content\\\/uploads\\\/2024\\\/11\\\/IMG_3069-scaled.jpg\"},{\"@type\":\"BreadcrumbList\",\"@id\":\"https:\\\/\\\/monrevevalkenburg.com\\\/fr\\\/a-propos-de-nous\\\/#breadcrumb\",\"itemListElement\":[{\"@type\":\"ListItem\",\"position\":1,\"name\":\"Home\",\"item\":\"https:\\\/\\\/monrevevalkenburg.com\\\/fr\\\/\"},{\"@type\":\"ListItem\",\"position\":2,\"name\":\"A propos de nous\"}]},{\"@type\":\"WebSite\",\"@id\":\"https:\\\/\\\/monrevevalkenburg.com\\\/fr\\\/#website\",\"url\":\"https:\\\/\\\/monrevevalkenburg.com\\\/fr\\\/\",\"name\":\"Mon R\u00eave Valkenburg\",\"description\":\"\",\"publisher\":{\"@id\":\"https:\\\/\\\/monrevevalkenburg.com\\\/fr\\\/#organization\"},\"potentialAction\":[{\"@type\":\"SearchAction\",\"target\":{\"@type\":\"EntryPoint\",\"urlTemplate\":\"https:\\\/\\\/monrevevalkenburg.com\\\/fr\\\/?s={search_term_string}\"},\"query-input\":{\"@type\":\"PropertyValueSpecification\",\"valueRequired\":true,\"valueName\":\"search_term_string\"}}],\"inLanguage\":\"fr-FR\"},{\"@type\":\"Organization\",\"@id\":\"https:\\\/\\\/monrevevalkenburg.com\\\/fr\\\/#organization\",\"name\":\"Mon R\u00eave\",\"url\":\"https:\\\/\\\/monrevevalkenburg.com\\\/fr\\\/\",\"logo\":{\"@type\":\"ImageObject\",\"inLanguage\":\"fr-FR\",\"@id\":\"https:\\\/\\\/monrevevalkenburg.com\\\/fr\\\/#\\\/schema\\\/logo\\\/image\\\/\",\"url\":\"https:\\\/\\\/monrevevalkenburg.com\\\/wp-content\\\/uploads\\\/2024\\\/09\\\/placeholder-logo.png\",\"contentUrl\":\"https:\\\/\\\/monrevevalkenburg.com\\\/wp-content\\\/uploads\\\/2024\\\/09\\\/placeholder-logo.png\",\"width\":794,\"height\":794,\"caption\":\"Mon R\u00eave\"},\"image\":{\"@id\":\"https:\\\/\\\/monrevevalkenburg.com\\\/fr\\\/#\\\/schema\\\/logo\\\/image\\\/\"}}]}<\/script>\n<!-- \/ Yoast SEO plugin. -->","yoast_head_json":{"title":"A propos de nous - Mon R\u00eave","robots":{"index":"index","follow":"follow","max-snippet":"max-snippet:-1","max-image-preview":"max-image-preview:large","max-video-preview":"max-video-preview:-1"},"canonical":"https:\/\/monrevevalkenburg.com\/fr\/a-propos-de-nous\/","og_locale":"fr_FR","og_type":"article","og_title":"A propos de nous - Mon R\u00eave","og_description":"L&rsquo;\u00e9quipe Mon R\u00eave Chez Mon R\u00eave, nous pensons que chaque plat raconte une histoire et peut offrir un moment de pur plaisir. Notre mission est simple : faire en sorte que chaque client se sente le bienvenu et chez lui, en lui offrant une exp\u00e9rience culinaire \u00e0 la fois inspirante et accessible. Nous cr\u00e9ons des [&hellip;]","og_url":"https:\/\/monrevevalkenburg.com\/fr\/a-propos-de-nous\/","og_site_name":"Mon R\u00eave","article_modified_time":"2026-03-23T08:16:49+00:00","og_image":[{"url":"https:\/\/monrevevalkenburg.com\/wp-content\/uploads\/2024\/11\/IMG_3069-scaled.jpg","type":"","width":"","height":""}],"twitter_card":"summary_large_image","twitter_misc":{"Dur\u00e9e de lecture estim\u00e9e":"4 minutes"},"schema":{"@context":"https:\/\/schema.org","@graph":[{"@type":"WebPage","@id":"https:\/\/monrevevalkenburg.com\/fr\/a-propos-de-nous\/","url":"https:\/\/monrevevalkenburg.com\/fr\/a-propos-de-nous\/","name":"A propos de nous - Mon R\u00eave","isPartOf":{"@id":"https:\/\/monrevevalkenburg.com\/fr\/#website"},"primaryImageOfPage":{"@id":"https:\/\/monrevevalkenburg.com\/fr\/a-propos-de-nous\/#primaryimage"},"image":{"@id":"https:\/\/monrevevalkenburg.com\/fr\/a-propos-de-nous\/#primaryimage"},"thumbnailUrl":"https:\/\/monrevevalkenburg.com\/wp-content\/uploads\/2024\/11\/IMG_3069-scaled.jpg","datePublished":"2024-09-25T09:37:21+00:00","dateModified":"2026-03-23T08:16:49+00:00","breadcrumb":{"@id":"https:\/\/monrevevalkenburg.com\/fr\/a-propos-de-nous\/#breadcrumb"},"inLanguage":"fr-FR","potentialAction":[{"@type":"ReadAction","target":["https:\/\/monrevevalkenburg.com\/fr\/a-propos-de-nous\/"]}]},{"@type":"ImageObject","inLanguage":"fr-FR","@id":"https:\/\/monrevevalkenburg.com\/fr\/a-propos-de-nous\/#primaryimage","url":"https:\/\/monrevevalkenburg.com\/wp-content\/uploads\/2024\/11\/IMG_3069-scaled.jpg","contentUrl":"https:\/\/monrevevalkenburg.com\/wp-content\/uploads\/2024\/11\/IMG_3069-scaled.jpg"},{"@type":"BreadcrumbList","@id":"https:\/\/monrevevalkenburg.com\/fr\/a-propos-de-nous\/#breadcrumb","itemListElement":[{"@type":"ListItem","position":1,"name":"Home","item":"https:\/\/monrevevalkenburg.com\/fr\/"},{"@type":"ListItem","position":2,"name":"A propos de nous"}]},{"@type":"WebSite","@id":"https:\/\/monrevevalkenburg.com\/fr\/#website","url":"https:\/\/monrevevalkenburg.com\/fr\/","name":"Mon R\u00eave Valkenburg","description":"","publisher":{"@id":"https:\/\/monrevevalkenburg.com\/fr\/#organization"},"potentialAction":[{"@type":"SearchAction","target":{"@type":"EntryPoint","urlTemplate":"https:\/\/monrevevalkenburg.com\/fr\/?s={search_term_string}"},"query-input":{"@type":"PropertyValueSpecification","valueRequired":true,"valueName":"search_term_string"}}],"inLanguage":"fr-FR"},{"@type":"Organization","@id":"https:\/\/monrevevalkenburg.com\/fr\/#organization","name":"Mon R\u00eave","url":"https:\/\/monrevevalkenburg.com\/fr\/","logo":{"@type":"ImageObject","inLanguage":"fr-FR","@id":"https:\/\/monrevevalkenburg.com\/fr\/#\/schema\/logo\/image\/","url":"https:\/\/monrevevalkenburg.com\/wp-content\/uploads\/2024\/09\/placeholder-logo.png","contentUrl":"https:\/\/monrevevalkenburg.com\/wp-content\/uploads\/2024\/09\/placeholder-logo.png","width":794,"height":794,"caption":"Mon R\u00eave"},"image":{"@id":"https:\/\/monrevevalkenburg.com\/fr\/#\/schema\/logo\/image\/"}}]}},"_links":{"self":[{"href":"https:\/\/monrevevalkenburg.com\/fr\/wp-json\/wp\/v2\/pages\/917","targetHints":{"allow":["GET"]}}],"collection":[{"href":"https:\/\/monrevevalkenburg.com\/fr\/wp-json\/wp\/v2\/pages"}],"about":[{"href":"https:\/\/monrevevalkenburg.com\/fr\/wp-json\/wp\/v2\/types\/page"}],"author":[{"embeddable":true,"href":"https:\/\/monrevevalkenburg.com\/fr\/wp-json\/wp\/v2\/users\/1"}],"replies":[{"embeddable":true,"href":"https:\/\/monrevevalkenburg.com\/fr\/wp-json\/wp\/v2\/comments?post=917"}],"version-history":[{"count":10,"href":"https:\/\/monrevevalkenburg.com\/fr\/wp-json\/wp\/v2\/pages\/917\/revisions"}],"predecessor-version":[{"id":2984,"href":"https:\/\/monrevevalkenburg.com\/fr\/wp-json\/wp\/v2\/pages\/917\/revisions\/2984"}],"wp:attachment":[{"href":"https:\/\/monrevevalkenburg.com\/fr\/wp-json\/wp\/v2\/media?parent=917"}],"curies":[{"name":"wp","href":"https:\/\/api.w.org\/{rel}","templated":true}]}}